{"id":120,"date":"2022-10-12T20:44:03","date_gmt":"2022-10-12T18:44:03","guid":{"rendered":"http:\/\/ausoleilvert.carpezen.fr\/?page_id=120"},"modified":"2022-10-14T00:25:50","modified_gmt":"2022-10-13T22:25:50","slug":"vie-pratique","status":"publish","type":"page","link":"https:\/\/ausoleilvert.carpezen.fr\/index.php\/vie-pratique\/","title":{"rendered":"Vie Pratique"},"content":{"rendered":"\n<h2 class=\"wp-block-heading\"><strong>Restauration <\/strong><\/h2>\n\n\n\n<h2 class=\"wp-block-heading\">La Ziz&rsquo;Annie &#8211; Mont Bernanchon<\/h2>\n\n\n\n<div class=\"wp-block-media-text alignwide is-stacked-on-mobile is-vertically-aligned-center\"><figure class=\"wp-block-media-text__media\"><img loading=\"lazy\" decoding=\"async\" width=\"660\" height=\"676\" src=\"http:\/\/ausoleilvert.carpezen.fr\/wp-content\/uploads\/2022\/10\/Capture-de\u0301cran-2022-10-13-a\u0300-23.48.06.png\" alt=\"\" class=\"wp-image-307 size-full\" srcset=\"https:\/\/ausoleilvert.carpezen.fr\/wp-content\/uploads\/2022\/10\/Capture-de\u0301cran-2022-10-13-a\u0300-23.48.06.png 660w, https:\/\/ausoleilvert.carpezen.fr\/wp-content\/uploads\/2022\/10\/Capture-de\u0301cran-2022-10-13-a\u0300-23.48.06-293x300.png 293w\" sizes=\"(max-width: 660px) 100vw, 660px\" \/><\/figure><div class=\"wp-block-media-text__content\">\n<p>Annie est une des bonnes \u00e2mes du village,<br>je vous conseille de lui commander son poulet r\u00f4ti \u00ab\u00a0maison\u00a0\u00bb, c&rsquo;est un poulet de la ferme avec des l\u00e9gumes de l&rsquo;exploitation de son fils : rien \u00e0 voir avec une r\u00f4tisserie\u2026A la Zizannie, le poulet \u00e0 la saveur de celui de \u00ab\u00a0maman\u00a0\u00bb le dimanche midi !!!<br>Annie : 06 95 27 74 65<br>Adresse : sur la place du village, \u00e0 c\u00f4t\u00e9 de la mairie.<\/p>\n\n\n\n<figure class=\"wp-block-image size-full\"><img loading=\"lazy\" decoding=\"async\" width=\"236\" height=\"230\" src=\"http:\/\/ausoleilvert.carpezen.fr\/wp-content\/uploads\/2022\/10\/Capture-de\u0301cran-2022-10-13-a\u0300-23.50.05.png\" alt=\"\" class=\"wp-image-308\"\/><\/figure>\n<\/div><\/div>\n\n\n\n<div class=\"wp-block-media-text alignwide is-stacked-on-mobile\"><figure class=\"wp-block-media-text__media\"><img loading=\"lazy\" decoding=\"async\" width=\"824\" height=\"984\" src=\"http:\/\/ausoleilvert.carpezen.fr\/wp-content\/uploads\/2022\/10\/Capture-de\u0301cran-2022-10-13-a\u0300-23.54.56.png\" alt=\"\" class=\"wp-image-310 size-full\" srcset=\"https:\/\/ausoleilvert.carpezen.fr\/wp-content\/uploads\/2022\/10\/Capture-de\u0301cran-2022-10-13-a\u0300-23.54.56.png 824w, https:\/\/ausoleilvert.carpezen.fr\/wp-content\/uploads\/2022\/10\/Capture-de\u0301cran-2022-10-13-a\u0300-23.54.56-251x300.png 251w, https:\/\/ausoleilvert.carpezen.fr\/wp-content\/uploads\/2022\/10\/Capture-de\u0301cran-2022-10-13-a\u0300-23.54.56-768x917.png 768w\" sizes=\"(max-width: 767px) 89vw, (max-width: 1000px) 54vw, (max-width: 1071px) 543px, 580px\" \/><\/figure><div class=\"wp-block-media-text__content\">\n<p>ALLO PIZZA &#8211; ST VENANT<\/p>\n\n\n\n<p>Excellente Pizzas en livraison \u00e0 domicile.<\/p>\n\n\n\n<ul><li>03 21 26 06 37<\/li><\/ul>\n<\/div><\/div>\n\n\n\n<figure class=\"wp-block-image size-large\"><img loading=\"lazy\" decoding=\"async\" width=\"643\" height=\"1024\" src=\"http:\/\/ausoleilvert.carpezen.fr\/wp-content\/uploads\/2022\/10\/Capture-de\u0301cran-2022-10-13-a\u0300-23.55.36-643x1024.png\" alt=\"\" class=\"wp-image-311\" srcset=\"https:\/\/ausoleilvert.carpezen.fr\/wp-content\/uploads\/2022\/10\/Capture-de\u0301cran-2022-10-13-a\u0300-23.55.36-643x1024.png 643w, https:\/\/ausoleilvert.carpezen.fr\/wp-content\/uploads\/2022\/10\/Capture-de\u0301cran-2022-10-13-a\u0300-23.55.36-188x300.png 188w, https:\/\/ausoleilvert.carpezen.fr\/wp-content\/uploads\/2022\/10\/Capture-de\u0301cran-2022-10-13-a\u0300-23.55.36-768x1223.png 768w, https:\/\/ausoleilvert.carpezen.fr\/wp-content\/uploads\/2022\/10\/Capture-de\u0301cran-2022-10-13-a\u0300-23.55.36.png 824w\" sizes=\"(max-width: 643px) 100vw, 643px\" \/><\/figure>\n\n\n\n<h2 class=\"wp-block-heading\">SOJUN &#8211; B\u00e9thune<\/h2>\n\n\n\n<div class=\"wp-block-media-text alignwide is-stacked-on-mobile\"><figure class=\"wp-block-media-text__media\"><img loading=\"lazy\" decoding=\"async\" width=\"768\" height=\"1024\" src=\"http:\/\/ausoleilvert.carpezen.fr\/wp-content\/uploads\/2022\/10\/IMG_0947-768x1024.jpg\" alt=\"\" class=\"wp-image-313 size-full\" srcset=\"https:\/\/ausoleilvert.carpezen.fr\/wp-content\/uploads\/2022\/10\/IMG_0947-768x1024.jpg 768w, https:\/\/ausoleilvert.carpezen.fr\/wp-content\/uploads\/2022\/10\/IMG_0947-225x300.jpg 225w, https:\/\/ausoleilvert.carpezen.fr\/wp-content\/uploads\/2022\/10\/IMG_0947-1152x1536.jpg 1152w, https:\/\/ausoleilvert.carpezen.fr\/wp-content\/uploads\/2022\/10\/IMG_0947-1536x2048.jpg 1536w, https:\/\/ausoleilvert.carpezen.fr\/wp-content\/uploads\/2022\/10\/IMG_0947-scaled.jpg 1920w\" sizes=\"(max-width: 767px) 89vw, (max-width: 1000px) 54vw, (max-width: 1071px) 543px, 580px\" \/><\/figure><div class=\"wp-block-media-text__content\">\n<p>Cuisine fusion \u00ab\u00a0ch&rsquo;ti &#8211; asiatique\u00a0\u00bb<\/p>\n\n\n\n<p>Excellent : saveurs, qualit\u00e9 des produits, fra\u00eecheur. Les frites de patates douces et le bobun sont succulents , le welsh nem : original !<br>Une carte avec peu de choix mais juste ce qu\u2019il faut : signe de qualit\u00e9 et de fra\u00eecheur selon moi.<br>Choix v\u00e9g\u00e9tariens au menu<br>Terrasse sympa l&rsquo;\u00e9t\u00e9.<\/p>\n\n\n\n<p>46 rue Eugene Haynaut, 62400 B\u00e9thune France<br>+33 9 83 59 19 12<\/p>\n<\/div><\/div>\n\n\n\n<figure class=\"wp-block-gallery has-nested-images columns-default is-cropped wp-block-gallery-1 is-layout-flex wp-block-gallery-is-layout-flex\">\n<figure class=\"wp-block-image size-large\"><img loading=\"lazy\" decoding=\"async\" width=\"1024\" height=\"768\" data-id=\"314\" src=\"http:\/\/ausoleilvert.carpezen.fr\/wp-content\/uploads\/2022\/10\/IMG_0948-1024x768.jpg\" alt=\"\" class=\"wp-image-314\" srcset=\"https:\/\/ausoleilvert.carpezen.fr\/wp-content\/uploads\/2022\/10\/IMG_0948-1024x768.jpg 1024w, https:\/\/ausoleilvert.carpezen.fr\/wp-content\/uploads\/2022\/10\/IMG_0948-300x225.jpg 300w, https:\/\/ausoleilvert.carpezen.fr\/wp-content\/uploads\/2022\/10\/IMG_0948-768x576.jpg 768w, https:\/\/ausoleilvert.carpezen.fr\/wp-content\/uploads\/2022\/10\/IMG_0948-1536x1152.jpg 1536w, https:\/\/ausoleilvert.carpezen.fr\/wp-content\/uploads\/2022\/10\/IMG_0948-2048x1536.jpg 2048w\" sizes=\"(max-width: 767px) 89vw, (max-width: 1000px) 54vw, (max-width: 1071px) 543px, 580px\" \/><\/figure>\n\n\n\n<figure class=\"wp-block-image size-large\"><img loading=\"lazy\" decoding=\"async\" width=\"768\" height=\"1024\" data-id=\"319\" src=\"http:\/\/ausoleilvert.carpezen.fr\/wp-content\/uploads\/2022\/10\/IMG_0961-1-768x1024.jpg\" alt=\"\" class=\"wp-image-319\" srcset=\"https:\/\/ausoleilvert.carpezen.fr\/wp-content\/uploads\/2022\/10\/IMG_0961-1-768x1024.jpg 768w, https:\/\/ausoleilvert.carpezen.fr\/wp-content\/uploads\/2022\/10\/IMG_0961-1-225x300.jpg 225w, https:\/\/ausoleilvert.carpezen.fr\/wp-content\/uploads\/2022\/10\/IMG_0961-1-1152x1536.jpg 1152w, https:\/\/ausoleilvert.carpezen.fr\/wp-content\/uploads\/2022\/10\/IMG_0961-1-1536x2048.jpg 1536w, https:\/\/ausoleilvert.carpezen.fr\/wp-content\/uploads\/2022\/10\/IMG_0961-1-scaled.jpg 1920w\" sizes=\"(max-width: 767px) 89vw, (max-width: 1000px) 54vw, (max-width: 1071px) 543px, 580px\" \/><\/figure>\n\n\n\n<figure class=\"wp-block-image size-large\"><img loading=\"lazy\" decoding=\"async\" width=\"768\" height=\"1024\" data-id=\"320\" src=\"http:\/\/ausoleilvert.carpezen.fr\/wp-content\/uploads\/2022\/10\/IMG_0963-1-768x1024.jpg\" alt=\"\" class=\"wp-image-320\" srcset=\"https:\/\/ausoleilvert.carpezen.fr\/wp-content\/uploads\/2022\/10\/IMG_0963-1-768x1024.jpg 768w, https:\/\/ausoleilvert.carpezen.fr\/wp-content\/uploads\/2022\/10\/IMG_0963-1-225x300.jpg 225w, https:\/\/ausoleilvert.carpezen.fr\/wp-content\/uploads\/2022\/10\/IMG_0963-1-1152x1536.jpg 1152w, https:\/\/ausoleilvert.carpezen.fr\/wp-content\/uploads\/2022\/10\/IMG_0963-1-1536x2048.jpg 1536w, https:\/\/ausoleilvert.carpezen.fr\/wp-content\/uploads\/2022\/10\/IMG_0963-1-scaled.jpg 1920w\" sizes=\"(max-width: 767px) 89vw, (max-width: 1000px) 54vw, (max-width: 1071px) 543px, 580px\" \/><\/figure>\n\n\n\n<figure class=\"wp-block-image size-large\"><img loading=\"lazy\" decoding=\"async\" width=\"768\" height=\"1024\" data-id=\"318\" src=\"http:\/\/ausoleilvert.carpezen.fr\/wp-content\/uploads\/2022\/10\/IMG_0965-768x1024.jpg\" alt=\"\" class=\"wp-image-318\" srcset=\"https:\/\/ausoleilvert.carpezen.fr\/wp-content\/uploads\/2022\/10\/IMG_0965-768x1024.jpg 768w, https:\/\/ausoleilvert.carpezen.fr\/wp-content\/uploads\/2022\/10\/IMG_0965-225x300.jpg 225w, https:\/\/ausoleilvert.carpezen.fr\/wp-content\/uploads\/2022\/10\/IMG_0965-1152x1536.jpg 1152w, https:\/\/ausoleilvert.carpezen.fr\/wp-content\/uploads\/2022\/10\/IMG_0965-1536x2048.jpg 1536w, https:\/\/ausoleilvert.carpezen.fr\/wp-content\/uploads\/2022\/10\/IMG_0965-scaled.jpg 1920w\" sizes=\"(max-width: 767px) 89vw, (max-width: 1000px) 54vw, (max-width: 1071px) 543px, 580px\" \/><\/figure>\n\n\n\n<figure class=\"wp-block-image size-large\"><img loading=\"lazy\" decoding=\"async\" width=\"1024\" height=\"768\" data-id=\"317\" src=\"http:\/\/ausoleilvert.carpezen.fr\/wp-content\/uploads\/2022\/10\/IMG_0969-1024x768.jpg\" alt=\"\" class=\"wp-image-317\" srcset=\"https:\/\/ausoleilvert.carpezen.fr\/wp-content\/uploads\/2022\/10\/IMG_0969-1024x768.jpg 1024w, https:\/\/ausoleilvert.carpezen.fr\/wp-content\/uploads\/2022\/10\/IMG_0969-300x225.jpg 300w, https:\/\/ausoleilvert.carpezen.fr\/wp-content\/uploads\/2022\/10\/IMG_0969-768x576.jpg 768w, https:\/\/ausoleilvert.carpezen.fr\/wp-content\/uploads\/2022\/10\/IMG_0969-1536x1152.jpg 1536w, https:\/\/ausoleilvert.carpezen.fr\/wp-content\/uploads\/2022\/10\/IMG_0969-2048x1536.jpg 2048w\" sizes=\"(max-width: 767px) 89vw, (max-width: 1000px) 54vw, (max-width: 1071px) 543px, 580px\" \/><\/figure>\n<\/figure>\n\n\n\n<h2 class=\"wp-block-heading\"><strong>Le Ch\u00e2teau de Beaulieu &#8211; Busnes<\/strong><\/h2>\n\n\n\n<div class=\"wp-block-media-text alignwide is-stacked-on-mobile\"><figure class=\"wp-block-media-text__media\"><img loading=\"lazy\" decoding=\"async\" width=\"674\" height=\"652\" src=\"http:\/\/ausoleilvert.carpezen.fr\/wp-content\/uploads\/2022\/10\/Capture-de\u0301cran-2022-10-14-a\u0300-00.17.13.png\" alt=\"\" class=\"wp-image-323 size-full\" srcset=\"https:\/\/ausoleilvert.carpezen.fr\/wp-content\/uploads\/2022\/10\/Capture-de\u0301cran-2022-10-14-a\u0300-00.17.13.png 674w, https:\/\/ausoleilvert.carpezen.fr\/wp-content\/uploads\/2022\/10\/Capture-de\u0301cran-2022-10-14-a\u0300-00.17.13-300x290.png 300w\" sizes=\"(max-width: 674px) 100vw, 674px\" \/><\/figure><div class=\"wp-block-media-text__content\">\n<p>Class\u00e9e l&rsquo;une des 80 meilleures tables au monde !<\/p>\n\n\n\n<p>C\u00f4t\u00e9 brasserie : menu \u00e0 33\u20ac ( entr\u00e9\/plat\/dessert &#8211; hors boissons)<br>C\u00f4t\u00e9 gastro : menu 4 services 190\u20ac &#8211; hors boissons<\/p>\n\n\n\n<p>Laissez-vous guider par vos \u00e9motions\u2026<\/p>\n\n\n\n<p>Et si la meilleure fa\u00e7on de sentir pleinement la nature \u00e9tait d\u2019y go\u00fbter ? \u00c0 la table doublement \u00e9toil\u00e9e du Ch\u00e2teau de Beaulieu, le chef Christophe Dufoss\u00e9, propose \u00e0 ses convives de respirer la nature \u00e0 travers ses cr\u00e9ations, pratiquant une cuisine au combien \u00e9thique et responsable, soign\u00e9e \u00e0 la perfection et vibrant aux saveurs des richesses de son patrimoine culinaire local. \u00c0 chaque recette, cet homme de terroir r\u00e9ussit \u00e0 esquisser les silhouettes g\u00e9n\u00e9reuses d\u2019un paysage alentour, juxtaposant les parfums d\u2019une balade en sentier \u00e0 ceux d\u2019une escale en bord de mer.<\/p>\n\n\n\n<p>https:\/\/www.lechateaudebeaulieu.fr\/<br>Adresse : Ch\u00e2teau de Beaulieu, 1098 Rue de Lillers, 62350 Busnes<br>03 21 68 88 88<\/p>\n<\/div><\/div>\n\n\n\n<figure class=\"wp-block-gallery has-nested-images columns-default is-cropped wp-block-gallery-2 is-layout-flex wp-block-gallery-is-layout-flex\">\n<figure class=\"wp-block-image size-large\"><img loading=\"lazy\" decoding=\"async\" width=\"1024\" height=\"673\" data-id=\"324\" src=\"http:\/\/ausoleilvert.carpezen.fr\/wp-content\/uploads\/2022\/10\/Capture-de\u0301cran-2022-10-14-a\u0300-00.19.26-1024x673.png\" alt=\"\" class=\"wp-image-324\" srcset=\"https:\/\/ausoleilvert.carpezen.fr\/wp-content\/uploads\/2022\/10\/Capture-de\u0301cran-2022-10-14-a\u0300-00.19.26-1024x673.png 1024w, https:\/\/ausoleilvert.carpezen.fr\/wp-content\/uploads\/2022\/10\/Capture-de\u0301cran-2022-10-14-a\u0300-00.19.26-300x197.png 300w, https:\/\/ausoleilvert.carpezen.fr\/wp-content\/uploads\/2022\/10\/Capture-de\u0301cran-2022-10-14-a\u0300-00.19.26-768x504.png 768w, https:\/\/ausoleilvert.carpezen.fr\/wp-content\/uploads\/2022\/10\/Capture-de\u0301cran-2022-10-14-a\u0300-00.19.26.png 1428w\" sizes=\"(max-width: 767px) 89vw, (max-width: 1000px) 54vw, (max-width: 1071px) 543px, 580px\" \/><\/figure>\n\n\n\n<figure class=\"wp-block-image size-large\"><img loading=\"lazy\" decoding=\"async\" width=\"1024\" height=\"692\" data-id=\"325\" src=\"http:\/\/ausoleilvert.carpezen.fr\/wp-content\/uploads\/2022\/10\/Capture-de\u0301cran-2022-10-14-a\u0300-00.21.24-1024x692.png\" alt=\"\" class=\"wp-image-325\" srcset=\"https:\/\/ausoleilvert.carpezen.fr\/wp-content\/uploads\/2022\/10\/Capture-de\u0301cran-2022-10-14-a\u0300-00.21.24-1024x692.png 1024w, https:\/\/ausoleilvert.carpezen.fr\/wp-content\/uploads\/2022\/10\/Capture-de\u0301cran-2022-10-14-a\u0300-00.21.24-300x203.png 300w, https:\/\/ausoleilvert.carpezen.fr\/wp-content\/uploads\/2022\/10\/Capture-de\u0301cran-2022-10-14-a\u0300-00.21.24-768x519.png 768w, https:\/\/ausoleilvert.carpezen.fr\/wp-content\/uploads\/2022\/10\/Capture-de\u0301cran-2022-10-14-a\u0300-00.21.24.png 1322w\" sizes=\"(max-width: 767px) 89vw, (max-width: 1000px) 54vw, (max-width: 1071px) 543px, 580px\" \/><\/figure>\n<\/figure>\n","protected":false},"excerpt":{"rendered":"<p>Restauration La Ziz&rsquo;Annie &#8211; Mont Bernanchon ALLO PIZZA &#8211; ST VENANT Excellente Pizzas en livraison \u00e0 domicile. 03 21 26 06 37 SOJUN &#8211; B\u00e9thune Cuisine fusion \u00ab\u00a0ch&rsquo;ti &#8211; asiatique\u00a0\u00bb Excellent : saveurs, qualit\u00e9 des produits, fra\u00eecheur. Les frites de patates douces et le bobun sont succulents , le welsh nem : original !Une carte &hellip; <\/p>\n<p class=\"link-more\"><a href=\"https:\/\/ausoleilvert.carpezen.fr\/index.php\/vie-pratique\/\" class=\"more-link\">Continuer la lecture<span class=\"screen-reader-text\"> de &laquo;&nbsp;Vie Pratique&nbsp;&raquo;<\/span><\/a><\/p>\n","protected":false},"author":1,"featured_media":0,"parent":0,"menu_order":0,"comment_status":"closed","ping_status":"closed","template":"","meta":{"footnotes":""},"_links":{"self":[{"href":"https:\/\/ausoleilvert.carpezen.fr\/index.php\/wp-json\/wp\/v2\/pages\/120"}],"collection":[{"href":"https:\/\/ausoleilvert.carpezen.fr\/index.php\/wp-json\/wp\/v2\/pages"}],"about":[{"href":"https:\/\/ausoleilvert.carpezen.fr\/index.php\/wp-json\/wp\/v2\/types\/page"}],"author":[{"embeddable":true,"href":"https:\/\/ausoleilvert.carpezen.fr\/index.php\/wp-json\/wp\/v2\/users\/1"}],"replies":[{"embeddable":true,"href":"https:\/\/ausoleilvert.carpezen.fr\/index.php\/wp-json\/wp\/v2\/comments?post=120"}],"version-history":[{"count":7,"href":"https:\/\/ausoleilvert.carpezen.fr\/index.php\/wp-json\/wp\/v2\/pages\/120\/revisions"}],"predecessor-version":[{"id":326,"href":"https:\/\/ausoleilvert.carpezen.fr\/index.php\/wp-json\/wp\/v2\/pages\/120\/revisions\/326"}],"wp:attachment":[{"href":"https:\/\/ausoleilvert.carpezen.fr\/index.php\/wp-json\/wp\/v2\/media?parent=120"}],"curies":[{"name":"wp","href":"https:\/\/api.w.org\/{rel}","templated":true}]}}