{"id":119,"date":"2022-10-12T20:44:03","date_gmt":"2022-10-12T18:44:03","guid":{"rendered":"http:\/\/ausoleilvert.carpezen.fr\/?page_id=119"},"modified":"2022-10-13T23:41:35","modified_gmt":"2022-10-13T21:41:35","slug":"activites","status":"publish","type":"page","link":"https:\/\/ausoleilvert.carpezen.fr\/index.php\/activites\/","title":{"rendered":"Activit\u00e9s"},"content":{"rendered":"\n<h2 class=\"wp-block-heading\"><strong>Sentier de randonn\u00e9e \u00ab\u00a0Les Gorges Bleues\u00a0\u00bb<\/strong><\/h2>\n\n\n\n<p>Petite balade calme et paisible sur un sentier qui alterne herbe et graviers au bord du Canal d&rsquo;Aire.  Il nous fait d\u00e9couvrir l&rsquo;observatoire de la r\u00e9serve ornithologique de Mont-Bernanchon, Des \u00e9curies et petit passage au bois du Pacault.<br>Cette balade est balis\u00e9e en Jaune, niveau facile<\/p>\n\n\n\n<p>Mais, qu\u2019est ce que<a rel=\"noreferrer noopener\" href=\"http:\/\/www.oiseaux.net\/oiseaux\/gorgebleue.a.miroir.html\" target=\"_blank\">&nbsp;les gorges bleues<\/a>&nbsp;? De tr\u00e8s jolis oiseaux dont le m\u00e2le a le plumage de la gorge bleue.<\/p>\n\n\n\n<figure class=\"wp-block-image size-large\"><img loading=\"lazy\" decoding=\"async\" width=\"1024\" height=\"779\" src=\"http:\/\/ausoleilvert.carpezen.fr\/wp-content\/uploads\/2022\/10\/trace\u0301-les-gorges-bleues-1024x779.png\" alt=\"\" class=\"wp-image-260\" srcset=\"https:\/\/ausoleilvert.carpezen.fr\/wp-content\/uploads\/2022\/10\/trace\u0301-les-gorges-bleues-1024x779.png 1024w, https:\/\/ausoleilvert.carpezen.fr\/wp-content\/uploads\/2022\/10\/trace\u0301-les-gorges-bleues-300x228.png 300w, https:\/\/ausoleilvert.carpezen.fr\/wp-content\/uploads\/2022\/10\/trace\u0301-les-gorges-bleues-768x584.png 768w, https:\/\/ausoleilvert.carpezen.fr\/wp-content\/uploads\/2022\/10\/trace\u0301-les-gorges-bleues.png 1254w\" sizes=\"(max-width: 767px) 89vw, (max-width: 1000px) 54vw, (max-width: 1071px) 543px, 580px\" \/><\/figure>\n\n\n\n<p><img loading=\"lazy\" decoding=\"async\" height=\"28\" width=\"28\" src=\"https:\/\/www.visorando.com\/img\/fiches\/duree.min.png\" alt=\"Dur\u00e9e\">&nbsp;<strong>Dur\u00e9e moyenne:&nbsp;<\/strong>2h30<br><img loading=\"lazy\" decoding=\"async\" height=\"28\" width=\"28\" src=\"https:\/\/www.visorando.com\/img\/fiches\/distance.min.png\" alt=\"Distance\">&nbsp;<strong>Distance :&nbsp;<\/strong>8.72km<br><img loading=\"lazy\" decoding=\"async\" height=\"28\" width=\"28\" src=\"https:\/\/www.visorando.com\/img\/fiches\/denivele-plus.min.png\" alt=\"D\u00e9nivel\u00e9 positif\">&nbsp;<strong>D\u00e9nivel\u00e9 positif :&nbsp;<\/strong>7m<br><img loading=\"lazy\" decoding=\"async\" height=\"28\" width=\"28\" src=\"https:\/\/www.visorando.com\/img\/fiches\/denivele-moins.min.png\" alt=\"D\u00e9nivel\u00e9 n\u00e9gatif\">&nbsp;<strong>D\u00e9nivel\u00e9 n\u00e9gatif :&nbsp;<\/strong>7m<br><img loading=\"lazy\" decoding=\"async\" height=\"28\" width=\"28\" src=\"https:\/\/www.visorando.com\/img\/fiches\/point-haut.min.png\" alt=\"Point haut\">&nbsp;<strong>Point haut :&nbsp;<\/strong>27m<br><img loading=\"lazy\" decoding=\"async\" height=\"28\" width=\"28\" src=\"https:\/\/www.visorando.com\/img\/fiches\/point-bas.min.png\" alt=\"Point bas\">&nbsp;<strong>Point bas :&nbsp;<\/strong>15m<br><img loading=\"lazy\" decoding=\"async\" height=\"28\" width=\"28\" src=\"https:\/\/www.visorando.com\/img\/fiches\/difficulte-facile.min.png\" alt=\"Facile\">&nbsp;<strong>Difficult\u00e9 :&nbsp;<\/strong>Facile<\/p>\n\n\n\n<p><img loading=\"lazy\" decoding=\"async\" src=\"https:\/\/www.visorando.com\/img\/fiches\/retour-depart.min.png\" alt=\"Retour point de d\u00e9part\" height=\"28\" width=\"28\">&nbsp;<strong>Retour point de d\u00e9part :&nbsp;<\/strong>Oui<br><img loading=\"lazy\" decoding=\"async\" src=\"https:\/\/www.visorando.com\/img\/fiches\/mode-pied.min.png\" alt=\"A pied\" height=\"28\" width=\"28\">&nbsp;<strong>A pied<\/strong><br><img loading=\"lazy\" decoding=\"async\" src=\"https:\/\/www.visorando.com\/img\/fiches\/commune.min.png\" alt=\"Commune\" height=\"28\" width=\"28\">&nbsp;<strong>Commune :&nbsp;<\/strong><a href=\"https:\/\/www.visorando.com\/randonnee-mont-bernanchon.html\">Mont-Bernanchon<\/a>&nbsp;(62350)<br><img loading=\"lazy\" decoding=\"async\" src=\"https:\/\/www.visorando.com\/img\/fiches\/depart.min.png\" alt=\"D\u00e9part\" height=\"28\" width=\"28\">&nbsp;<strong>D\u00e9part :&nbsp;<\/strong>N 50.584088\u00b0 \/ E 2.588067\u00b0<\/p>\n\n\n\n<p><img loading=\"lazy\" decoding=\"async\" height=\"28\" width=\"28\" src=\"https:\/\/www.visorando.com\/img\/fiches\/carte.min.png\" alt=\"Carte\">&nbsp;<strong>Carte IGN :<\/strong>&nbsp;: Ref. 2404O, 2405O <\/p>\n\n\n\n<figure class=\"wp-block-gallery has-nested-images columns-default is-cropped wp-block-gallery-1 is-layout-flex wp-block-gallery-is-layout-flex\">\n<figure class=\"wp-block-image size-large\"><img loading=\"lazy\" decoding=\"async\" width=\"2560\" height=\"1920\" data-id=\"249\" src=\"http:\/\/ausoleilvert.carpezen.fr\/wp-content\/uploads\/2022\/10\/borne-randonne\u0301e-scaled.jpg\" alt=\"\" class=\"wp-image-249\" srcset=\"https:\/\/ausoleilvert.carpezen.fr\/wp-content\/uploads\/2022\/10\/borne-randonne\u0301e-scaled.jpg 2560w, https:\/\/ausoleilvert.carpezen.fr\/wp-content\/uploads\/2022\/10\/borne-randonne\u0301e-300x225.jpg 300w, https:\/\/ausoleilvert.carpezen.fr\/wp-content\/uploads\/2022\/10\/borne-randonne\u0301e-1024x768.jpg 1024w, https:\/\/ausoleilvert.carpezen.fr\/wp-content\/uploads\/2022\/10\/borne-randonne\u0301e-768x576.jpg 768w, https:\/\/ausoleilvert.carpezen.fr\/wp-content\/uploads\/2022\/10\/borne-randonne\u0301e-1536x1152.jpg 1536w, https:\/\/ausoleilvert.carpezen.fr\/wp-content\/uploads\/2022\/10\/borne-randonne\u0301e-2048x1536.jpg 2048w\" sizes=\"(max-width: 767px) 89vw, (max-width: 1000px) 54vw, (max-width: 1071px) 543px, 580px\" \/><\/figure>\n\n\n\n<figure class=\"wp-block-image size-large\"><img loading=\"lazy\" decoding=\"async\" width=\"2560\" height=\"1920\" data-id=\"254\" src=\"http:\/\/ausoleilvert.carpezen.fr\/wp-content\/uploads\/2022\/10\/champignon-scaled.jpg\" alt=\"\" class=\"wp-image-254\" srcset=\"https:\/\/ausoleilvert.carpezen.fr\/wp-content\/uploads\/2022\/10\/champignon-scaled.jpg 2560w, https:\/\/ausoleilvert.carpezen.fr\/wp-content\/uploads\/2022\/10\/champignon-300x225.jpg 300w, https:\/\/ausoleilvert.carpezen.fr\/wp-content\/uploads\/2022\/10\/champignon-1024x768.jpg 1024w, https:\/\/ausoleilvert.carpezen.fr\/wp-content\/uploads\/2022\/10\/champignon-768x576.jpg 768w, https:\/\/ausoleilvert.carpezen.fr\/wp-content\/uploads\/2022\/10\/champignon-1536x1152.jpg 1536w, https:\/\/ausoleilvert.carpezen.fr\/wp-content\/uploads\/2022\/10\/champignon-2048x1536.jpg 2048w\" sizes=\"(max-width: 767px) 89vw, (max-width: 1000px) 54vw, (max-width: 1071px) 543px, 580px\" \/><\/figure>\n\n\n\n<figure class=\"wp-block-image size-large\"><img loading=\"lazy\" decoding=\"async\" width=\"2560\" height=\"1920\" data-id=\"92\" src=\"http:\/\/ausoleilvert.carpezen.fr\/wp-content\/uploads\/2022\/10\/IMG_3337-scaled.jpg\" alt=\"\" class=\"wp-image-92\" srcset=\"https:\/\/ausoleilvert.carpezen.fr\/wp-content\/uploads\/2022\/10\/IMG_3337-scaled.jpg 2560w, https:\/\/ausoleilvert.carpezen.fr\/wp-content\/uploads\/2022\/10\/IMG_3337-300x225.jpg 300w, https:\/\/ausoleilvert.carpezen.fr\/wp-content\/uploads\/2022\/10\/IMG_3337-1024x768.jpg 1024w, https:\/\/ausoleilvert.carpezen.fr\/wp-content\/uploads\/2022\/10\/IMG_3337-768x576.jpg 768w, https:\/\/ausoleilvert.carpezen.fr\/wp-content\/uploads\/2022\/10\/IMG_3337-1536x1152.jpg 1536w, https:\/\/ausoleilvert.carpezen.fr\/wp-content\/uploads\/2022\/10\/IMG_3337-2048x1536.jpg 2048w\" sizes=\"(max-width: 767px) 89vw, (max-width: 1000px) 54vw, (max-width: 1071px) 543px, 580px\" \/><\/figure>\n\n\n\n<figure class=\"wp-block-image size-large\"><img loading=\"lazy\" decoding=\"async\" width=\"2000\" height=\"1500\" data-id=\"63\" src=\"http:\/\/ausoleilvert.carpezen.fr\/wp-content\/uploads\/2022\/09\/cropped-nature-1-scaled-1.jpeg\" alt=\"\" class=\"wp-image-63\" srcset=\"https:\/\/ausoleilvert.carpezen.fr\/wp-content\/uploads\/2022\/09\/cropped-nature-1-scaled-1.jpeg 2000w, https:\/\/ausoleilvert.carpezen.fr\/wp-content\/uploads\/2022\/09\/cropped-nature-1-scaled-1-300x225.jpeg 300w, https:\/\/ausoleilvert.carpezen.fr\/wp-content\/uploads\/2022\/09\/cropped-nature-1-scaled-1-1024x768.jpeg 1024w, https:\/\/ausoleilvert.carpezen.fr\/wp-content\/uploads\/2022\/09\/cropped-nature-1-scaled-1-768x576.jpeg 768w, https:\/\/ausoleilvert.carpezen.fr\/wp-content\/uploads\/2022\/09\/cropped-nature-1-scaled-1-1536x1152.jpeg 1536w\" sizes=\"(max-width: 767px) 89vw, (max-width: 1000px) 54vw, (max-width: 1071px) 543px, 580px\" \/><\/figure>\n\n\n\n<figure class=\"wp-block-image size-large\"><img loading=\"lazy\" decoding=\"async\" width=\"757\" height=\"1600\" data-id=\"255\" src=\"http:\/\/ausoleilvert.carpezen.fr\/wp-content\/uploads\/2022\/10\/cheval.jpg\" alt=\"\" class=\"wp-image-255\" srcset=\"https:\/\/ausoleilvert.carpezen.fr\/wp-content\/uploads\/2022\/10\/cheval.jpg 757w, https:\/\/ausoleilvert.carpezen.fr\/wp-content\/uploads\/2022\/10\/cheval-142x300.jpg 142w, https:\/\/ausoleilvert.carpezen.fr\/wp-content\/uploads\/2022\/10\/cheval-484x1024.jpg 484w, https:\/\/ausoleilvert.carpezen.fr\/wp-content\/uploads\/2022\/10\/cheval-727x1536.jpg 727w\" sizes=\"(max-width: 706px) 89vw, (max-width: 767px) 82vw, 740px\" \/><\/figure>\n\n\n\n<figure class=\"wp-block-image size-large\"><img loading=\"lazy\" decoding=\"async\" width=\"1920\" height=\"2560\" data-id=\"256\" src=\"http:\/\/ausoleilvert.carpezen.fr\/wp-content\/uploads\/2022\/10\/panneau-signale\u0301tique-scaled.jpg\" alt=\"\" class=\"wp-image-256\" srcset=\"https:\/\/ausoleilvert.carpezen.fr\/wp-content\/uploads\/2022\/10\/panneau-signale\u0301tique-scaled.jpg 1920w, https:\/\/ausoleilvert.carpezen.fr\/wp-content\/uploads\/2022\/10\/panneau-signale\u0301tique-225x300.jpg 225w, https:\/\/ausoleilvert.carpezen.fr\/wp-content\/uploads\/2022\/10\/panneau-signale\u0301tique-768x1024.jpg 768w, https:\/\/ausoleilvert.carpezen.fr\/wp-content\/uploads\/2022\/10\/panneau-signale\u0301tique-1152x1536.jpg 1152w, https:\/\/ausoleilvert.carpezen.fr\/wp-content\/uploads\/2022\/10\/panneau-signale\u0301tique-1536x2048.jpg 1536w\" sizes=\"(max-width: 767px) 89vw, (max-width: 1000px) 54vw, (max-width: 1071px) 543px, 580px\" \/><\/figure>\n\n\n\n<figure class=\"wp-block-image size-large\"><img loading=\"lazy\" decoding=\"async\" width=\"1600\" height=\"757\" data-id=\"257\" src=\"http:\/\/ausoleilvert.carpezen.fr\/wp-content\/uploads\/2022\/10\/vache.jpg\" alt=\"\" class=\"wp-image-257\" srcset=\"https:\/\/ausoleilvert.carpezen.fr\/wp-content\/uploads\/2022\/10\/vache.jpg 1600w, https:\/\/ausoleilvert.carpezen.fr\/wp-content\/uploads\/2022\/10\/vache-300x142.jpg 300w, https:\/\/ausoleilvert.carpezen.fr\/wp-content\/uploads\/2022\/10\/vache-1024x484.jpg 1024w, https:\/\/ausoleilvert.carpezen.fr\/wp-content\/uploads\/2022\/10\/vache-768x363.jpg 768w, https:\/\/ausoleilvert.carpezen.fr\/wp-content\/uploads\/2022\/10\/vache-1536x727.jpg 1536w\" sizes=\"(max-width: 767px) 89vw, (max-width: 1000px) 54vw, (max-width: 1071px) 543px, 580px\" \/><\/figure>\n\n\n\n<figure class=\"wp-block-image size-large\"><img loading=\"lazy\" decoding=\"async\" width=\"1588\" height=\"1182\" data-id=\"274\" src=\"http:\/\/ausoleilvert.carpezen.fr\/wp-content\/uploads\/2022\/10\/a-ve\u0301lo.png\" alt=\"\" class=\"wp-image-274\" srcset=\"https:\/\/ausoleilvert.carpezen.fr\/wp-content\/uploads\/2022\/10\/a-ve\u0301lo.png 1588w, https:\/\/ausoleilvert.carpezen.fr\/wp-content\/uploads\/2022\/10\/a-ve\u0301lo-300x223.png 300w, https:\/\/ausoleilvert.carpezen.fr\/wp-content\/uploads\/2022\/10\/a-ve\u0301lo-1024x762.png 1024w, https:\/\/ausoleilvert.carpezen.fr\/wp-content\/uploads\/2022\/10\/a-ve\u0301lo-768x572.png 768w, https:\/\/ausoleilvert.carpezen.fr\/wp-content\/uploads\/2022\/10\/a-ve\u0301lo-1536x1143.png 1536w\" sizes=\"(max-width: 767px) 89vw, (max-width: 1000px) 54vw, (max-width: 1071px) 543px, 580px\" \/><\/figure>\n\n\n\n<figure class=\"wp-block-image size-large\"><img loading=\"lazy\" decoding=\"async\" width=\"1584\" height=\"1194\" data-id=\"275\" src=\"http:\/\/ausoleilvert.carpezen.fr\/wp-content\/uploads\/2022\/10\/pecheurs.png\" alt=\"\" class=\"wp-image-275\" srcset=\"https:\/\/ausoleilvert.carpezen.fr\/wp-content\/uploads\/2022\/10\/pecheurs.png 1584w, https:\/\/ausoleilvert.carpezen.fr\/wp-content\/uploads\/2022\/10\/pecheurs-300x226.png 300w, https:\/\/ausoleilvert.carpezen.fr\/wp-content\/uploads\/2022\/10\/pecheurs-1024x772.png 1024w, https:\/\/ausoleilvert.carpezen.fr\/wp-content\/uploads\/2022\/10\/pecheurs-768x579.png 768w, https:\/\/ausoleilvert.carpezen.fr\/wp-content\/uploads\/2022\/10\/pecheurs-1536x1158.png 1536w\" sizes=\"(max-width: 767px) 89vw, (max-width: 1000px) 54vw, (max-width: 1071px) 543px, 580px\" \/><\/figure>\n<\/figure>\n\n\n\n<h2 class=\"wp-block-heading\"><strong>G\u00e9otopia &#8211; La Maison De La Nature <\/strong><\/h2>\n\n\n\n<p>Geotopia a \u00e9t\u00e9 cr\u00e9\u00e9 en 2008 en plein c\u0153ur du village de Mont-Bernenchon ! Ce lieu hors du commun a pour vocation de d\u00e9velopper aupr\u00e8s de tous les publics l\u2019initiation \u00e0 la nature et \u00e0 l\u2019environnement \u2026<\/p>\n\n\n\n<p><strong>Geotopia<\/strong>&nbsp;est une maison pour aimer et comprendre la nature tout en s\u2019amusant ! La maison de la nature est un b\u00e2timent qui s\u2019int\u00e8gre parfaitement \u00e0 l\u2019environnement et construit sous les normes de Haute Qualit\u00e9 Environnementale.<\/p>\n\n\n\n<p>Situ\u00e9e au c\u0153ur de zones humides naturelles et pr\u00e9serv\u00e9es&nbsp;<strong>sur la commune de Mont-Bernenchon<\/strong>,&nbsp;<strong>Geotopia<\/strong>&nbsp;g\u00e8re \u00e9galement un jardin biologique.<\/p>\n\n\n\n<p>Autour de trois mares, vous d\u00e9couvrirez une importante collection v\u00e9g\u00e9tale, avec plus de 300 vari\u00e9t\u00e9s de plantes, parfois tr\u00e8s rares !<\/p>\n\n\n\n<p>Le petit plus :&nbsp;<strong>Geotopia<\/strong>&nbsp;b\u00e9n\u00e9ficie d\u2019un observatoire astronomique ainsi que d\u2019une mini-station m\u00e9t\u00e9o ! De quoi r\u00e9galer petits et grands \u2026<\/p>\n\n\n\n<p>Une question ? Sophie vous r\u00e9pondra avec plaisir ! Vous pouvez venir de la part de Julie du SOLEIL VERT !<\/p>\n\n\n\n<p>R\u00e9servation au : 03 21 61 60 06<\/p>\n\n\n\n<p>Agenda des activit\u00e9s et visites guid\u00e9es dans <a href=\"http:\/\/ausoleilvert.carpezen.fr\/index.php\/blog\/\" data-type=\"URL\" data-id=\"http:\/\/ausoleilvert.carpezen.fr\/index.php\/blog\/\" target=\"_blank\" rel=\"noreferrer noopener\">le blog<\/a>.<\/p>\n\n\n\n<figure class=\"wp-block-gallery has-nested-images columns-default is-cropped wp-block-gallery-2 is-layout-flex wp-block-gallery-is-layout-flex\">\n<figure class=\"wp-block-image size-large\"><img loading=\"lazy\" decoding=\"async\" width=\"2560\" height=\"1920\" data-id=\"264\" src=\"http:\/\/ausoleilvert.carpezen.fr\/wp-content\/uploads\/2022\/10\/observatoire-dastonomie-scaled.jpg\" alt=\"\" class=\"wp-image-264\" srcset=\"https:\/\/ausoleilvert.carpezen.fr\/wp-content\/uploads\/2022\/10\/observatoire-dastonomie-scaled.jpg 2560w, https:\/\/ausoleilvert.carpezen.fr\/wp-content\/uploads\/2022\/10\/observatoire-dastonomie-300x225.jpg 300w, https:\/\/ausoleilvert.carpezen.fr\/wp-content\/uploads\/2022\/10\/observatoire-dastonomie-1024x768.jpg 1024w, https:\/\/ausoleilvert.carpezen.fr\/wp-content\/uploads\/2022\/10\/observatoire-dastonomie-768x576.jpg 768w, https:\/\/ausoleilvert.carpezen.fr\/wp-content\/uploads\/2022\/10\/observatoire-dastonomie-1536x1152.jpg 1536w, https:\/\/ausoleilvert.carpezen.fr\/wp-content\/uploads\/2022\/10\/observatoire-dastonomie-2048x1536.jpg 2048w\" sizes=\"(max-width: 767px) 89vw, (max-width: 1000px) 54vw, (max-width: 1071px) 543px, 580px\" \/><figcaption>la maison de la nature et l&rsquo;observatoire astronimique<\/figcaption><\/figure>\n\n\n\n<figure class=\"wp-block-image\"><img loading=\"lazy\" decoding=\"async\" width=\"2560\" height=\"1920\" data-id=\"263\" src=\"http:\/\/ausoleilvert.carpezen.fr\/wp-content\/uploads\/2022\/10\/ge\u0301otopia-potion-2-scaled.jpg\" alt=\"\" class=\"wp-image-263\" srcset=\"https:\/\/ausoleilvert.carpezen.fr\/wp-content\/uploads\/2022\/10\/ge\u0301otopia-potion-2-scaled.jpg 2560w, https:\/\/ausoleilvert.carpezen.fr\/wp-content\/uploads\/2022\/10\/ge\u0301otopia-potion-2-300x225.jpg 300w, https:\/\/ausoleilvert.carpezen.fr\/wp-content\/uploads\/2022\/10\/ge\u0301otopia-potion-2-1024x768.jpg 1024w, https:\/\/ausoleilvert.carpezen.fr\/wp-content\/uploads\/2022\/10\/ge\u0301otopia-potion-2-768x576.jpg 768w, https:\/\/ausoleilvert.carpezen.fr\/wp-content\/uploads\/2022\/10\/ge\u0301otopia-potion-2-1536x1152.jpg 1536w, https:\/\/ausoleilvert.carpezen.fr\/wp-content\/uploads\/2022\/10\/ge\u0301otopia-potion-2-2048x1536.jpg 2048w\" sizes=\"(max-width: 767px) 89vw, (max-width: 1000px) 54vw, (max-width: 1071px) 543px, 580px\" \/><\/figure>\n<\/figure>\n\n\n\n<figure class=\"wp-block-video\"><video controls src=\"http:\/\/ausoleilvert.carpezen.fr\/wp-content\/uploads\/2022\/10\/Fe\u0302te-de-la-nature.mp4\"><\/video><\/figure>\n\n\n\n<figure class=\"wp-block-image size-large\"><img loading=\"lazy\" decoding=\"async\" width=\"1024\" height=\"756\" src=\"http:\/\/ausoleilvert.carpezen.fr\/wp-content\/uploads\/2022\/10\/Capture-de\u0301cran-2022-10-13-a\u0300-23.03.16-1024x756.png\" alt=\"\" class=\"wp-image-300\" srcset=\"https:\/\/ausoleilvert.carpezen.fr\/wp-content\/uploads\/2022\/10\/Capture-de\u0301cran-2022-10-13-a\u0300-23.03.16-1024x756.png 1024w, https:\/\/ausoleilvert.carpezen.fr\/wp-content\/uploads\/2022\/10\/Capture-de\u0301cran-2022-10-13-a\u0300-23.03.16-300x222.png 300w, https:\/\/ausoleilvert.carpezen.fr\/wp-content\/uploads\/2022\/10\/Capture-de\u0301cran-2022-10-13-a\u0300-23.03.16-768x567.png 768w, https:\/\/ausoleilvert.carpezen.fr\/wp-content\/uploads\/2022\/10\/Capture-de\u0301cran-2022-10-13-a\u0300-23.03.16.png 1438w\" sizes=\"(max-width: 767px) 89vw, (max-width: 1000px) 54vw, (max-width: 1071px) 543px, 580px\" \/><\/figure>\n\n\n\n<figure class=\"wp-block-image size-large\"><img loading=\"lazy\" decoding=\"async\" width=\"836\" height=\"1024\" src=\"http:\/\/ausoleilvert.carpezen.fr\/wp-content\/uploads\/2022\/10\/Capture-de\u0301cran-2022-10-13-a\u0300-23.03.33-836x1024.png\" alt=\"\" class=\"wp-image-301\" srcset=\"https:\/\/ausoleilvert.carpezen.fr\/wp-content\/uploads\/2022\/10\/Capture-de\u0301cran-2022-10-13-a\u0300-23.03.33-836x1024.png 836w, https:\/\/ausoleilvert.carpezen.fr\/wp-content\/uploads\/2022\/10\/Capture-de\u0301cran-2022-10-13-a\u0300-23.03.33-245x300.png 245w, https:\/\/ausoleilvert.carpezen.fr\/wp-content\/uploads\/2022\/10\/Capture-de\u0301cran-2022-10-13-a\u0300-23.03.33-768x941.png 768w, https:\/\/ausoleilvert.carpezen.fr\/wp-content\/uploads\/2022\/10\/Capture-de\u0301cran-2022-10-13-a\u0300-23.03.33.png 976w\" sizes=\"(max-width: 767px) 89vw, (max-width: 1000px) 54vw, (max-width: 1071px) 543px, 580px\" \/><\/figure>\n\n\n\n<h2 class=\"wp-block-heading\"><strong>La Zone Humide De Mont Bernanchon<\/strong> <strong>et l&rsquo;observatoire ornithologique<\/strong><\/h2>\n\n\n\n<p>Du roitelet au balbuzard et les oiseaux des biotopes des zones humide. Un observatoire ornithologique a \u00e9t\u00e9 am\u00e9nag\u00e9 en bordure de marais. Cette r\u00e9serve naturelle, constitu\u00e9e d&rsquo;anciens bassins des voies navigables de France, offre le g\u00eete \u00e0 plusieurs esp\u00e8ces d&rsquo;oiseaux et ravira les ornithologues qui sommeillent en vous. Acc\u00e8s au sentier de l&rsquo;observatoire par l&rsquo;impasse du halage (notre rue !) pr\u00e8s du pont  Supply.<\/p>\n\n\n\n<figure class=\"wp-block-image size-large\"><img loading=\"lazy\" decoding=\"async\" width=\"1024\" height=\"768\" src=\"http:\/\/ausoleilvert.carpezen.fr\/wp-content\/uploads\/2022\/10\/e\u0301tang-zone-humide-1024x768.jpg\" alt=\"\" class=\"wp-image-303\" srcset=\"https:\/\/ausoleilvert.carpezen.fr\/wp-content\/uploads\/2022\/10\/e\u0301tang-zone-humide-1024x768.jpg 1024w, https:\/\/ausoleilvert.carpezen.fr\/wp-content\/uploads\/2022\/10\/e\u0301tang-zone-humide-300x225.jpg 300w, https:\/\/ausoleilvert.carpezen.fr\/wp-content\/uploads\/2022\/10\/e\u0301tang-zone-humide-768x576.jpg 768w, https:\/\/ausoleilvert.carpezen.fr\/wp-content\/uploads\/2022\/10\/e\u0301tang-zone-humide-1536x1152.jpg 1536w, https:\/\/ausoleilvert.carpezen.fr\/wp-content\/uploads\/2022\/10\/e\u0301tang-zone-humide-2048x1536.jpg 2048w\" sizes=\"(max-width: 767px) 89vw, (max-width: 1000px) 54vw, (max-width: 1071px) 543px, 580px\" \/><figcaption>Etang de la zone humide<\/figcaption><\/figure>\n\n\n\n<figure class=\"wp-block-image size-large\"><img loading=\"lazy\" decoding=\"async\" width=\"1024\" height=\"768\" src=\"http:\/\/ausoleilvert.carpezen.fr\/wp-content\/uploads\/2022\/10\/plan-des-bassins-1024x768.jpg\" alt=\"\" class=\"wp-image-304\" srcset=\"https:\/\/ausoleilvert.carpezen.fr\/wp-content\/uploads\/2022\/10\/plan-des-bassins-1024x768.jpg 1024w, https:\/\/ausoleilvert.carpezen.fr\/wp-content\/uploads\/2022\/10\/plan-des-bassins-300x225.jpg 300w, https:\/\/ausoleilvert.carpezen.fr\/wp-content\/uploads\/2022\/10\/plan-des-bassins-768x576.jpg 768w, https:\/\/ausoleilvert.carpezen.fr\/wp-content\/uploads\/2022\/10\/plan-des-bassins-1536x1152.jpg 1536w, https:\/\/ausoleilvert.carpezen.fr\/wp-content\/uploads\/2022\/10\/plan-des-bassins-2048x1536.jpg 2048w\" sizes=\"(max-width: 767px) 89vw, (max-width: 1000px) 54vw, (max-width: 1071px) 543px, 580px\" \/><\/figure>\n\n\n\n<figure class=\"wp-block-image size-large\"><img loading=\"lazy\" decoding=\"async\" width=\"595\" height=\"1024\" src=\"http:\/\/ausoleilvert.carpezen.fr\/wp-content\/uploads\/2022\/10\/Capture-de\u0301cran-2022-10-13-a\u0300-22.18.55-595x1024.png\" alt=\"\" class=\"wp-image-299\" srcset=\"https:\/\/ausoleilvert.carpezen.fr\/wp-content\/uploads\/2022\/10\/Capture-de\u0301cran-2022-10-13-a\u0300-22.18.55-595x1024.png 595w, https:\/\/ausoleilvert.carpezen.fr\/wp-content\/uploads\/2022\/10\/Capture-de\u0301cran-2022-10-13-a\u0300-22.18.55-174x300.png 174w, https:\/\/ausoleilvert.carpezen.fr\/wp-content\/uploads\/2022\/10\/Capture-de\u0301cran-2022-10-13-a\u0300-22.18.55.png 736w\" sizes=\"(max-width: 595px) 100vw, 595px\" \/><figcaption>Les esp\u00e8ces d&rsquo;oiseaux de la r\u00e9serve naturelle<\/figcaption><\/figure>\n","protected":false},"excerpt":{"rendered":"<p>Sentier de randonn\u00e9e \u00ab\u00a0Les Gorges Bleues\u00a0\u00bb Petite balade calme et paisible sur un sentier qui alterne herbe et graviers au bord du Canal d&rsquo;Aire. Il nous fait d\u00e9couvrir l&rsquo;observatoire de la r\u00e9serve ornithologique de Mont-Bernanchon, Des \u00e9curies et petit passage au bois du Pacault.Cette balade est balis\u00e9e en Jaune, niveau facile Mais, qu\u2019est ce que&nbsp;les &hellip; <\/p>\n<p class=\"link-more\"><a href=\"https:\/\/ausoleilvert.carpezen.fr\/index.php\/activites\/\" class=\"more-link\">Continuer la lecture<span class=\"screen-reader-text\"> de &laquo;&nbsp;Activit\u00e9s&nbsp;&raquo;<\/span><\/a><\/p>\n","protected":false},"author":1,"featured_media":63,"parent":0,"menu_order":0,"comment_status":"closed","ping_status":"closed","template":"","meta":{"footnotes":""},"_links":{"self":[{"href":"https:\/\/ausoleilvert.carpezen.fr\/index.php\/wp-json\/wp\/v2\/pages\/119"}],"collection":[{"href":"https:\/\/ausoleilvert.carpezen.fr\/index.php\/wp-json\/wp\/v2\/pages"}],"about":[{"href":"https:\/\/ausoleilvert.carpezen.fr\/index.php\/wp-json\/wp\/v2\/types\/page"}],"author":[{"embeddable":true,"href":"https:\/\/ausoleilvert.carpezen.fr\/index.php\/wp-json\/wp\/v2\/users\/1"}],"replies":[{"embeddable":true,"href":"https:\/\/ausoleilvert.carpezen.fr\/index.php\/wp-json\/wp\/v2\/comments?post=119"}],"version-history":[{"count":16,"href":"https:\/\/ausoleilvert.carpezen.fr\/index.php\/wp-json\/wp\/v2\/pages\/119\/revisions"}],"predecessor-version":[{"id":305,"href":"https:\/\/ausoleilvert.carpezen.fr\/index.php\/wp-json\/wp\/v2\/pages\/119\/revisions\/305"}],"wp:featuredmedia":[{"embeddable":true,"href":"https:\/\/ausoleilvert.carpezen.fr\/index.php\/wp-json\/wp\/v2\/media\/63"}],"wp:attachment":[{"href":"https:\/\/ausoleilvert.carpezen.fr\/index.php\/wp-json\/wp\/v2\/media?parent=119"}],"curies":[{"name":"wp","href":"https:\/\/api.w.org\/{rel}","templated":true}]}}